{"id":250,"date":"2014-04-13T03:35:14","date_gmt":"2014-04-13T01:35:14","guid":{"rendered":"http:\/\/test.marathon.poznan.pl\/?page_id=250"},"modified":"2016-12-02T11:03:06","modified_gmt":"2016-12-02T10:03:06","slug":"2011-2","status":"publish","type":"page","link":"https:\/\/halfmarathon.poznan.pl\/en\/history-2\/2011-2\/","title":{"rendered":"2011"},"content":{"rendered":"<h3>4.Pozna\u0144 Half Marathon Medal<\/h3>\n<table class=\"light\">\n<tbody>\n<tr>\n<td style=\"width: 100%; text-align: center;\"><a title=\"4.Pozna\u0144 Half Marathon Medal\" href=\"\/wp-content\/uploads\/2015\/11\/Medal-4.Pozna\u0144-P\u00f3\u0142maraton-2011.jpg\"><img decoding=\"async\" style=\"width: 220px;\" title=\"4.Pozna\u0144 Half Marathon Medal\" alt=\"4.Pozna\u0144 Half Marathon Medal\" src=\"\/wp-content\/uploads\/2015\/11\/Medal-4.Pozna\u0144-P\u00f3\u0142maraton-2011.jpg\" width=\"220\" \/><\/a><\/td>\n<\/tr>\n<\/tbody>\n<\/table>\n<h3>Gallery:<\/h3>\n<table class=\"light\">\n<tbody>\n<tr>\n<td style=\"width: 100%; text-align: center;\">\n\t\t<style type=\"text\/css\">\n\t\t\t#gallery-1 {\n\t\t\t\tmargin: auto;\n\t\t\t}\n\t\t\t#gallery-1 .gallery-item {\n\t\t\t\tfloat: left;\n\t\t\t\tmargin-top: 10px;\n\t\t\t\ttext-align: center;\n\t\t\t\twidth: 33%;\n\t\t\t}\n\t\t\t#gallery-1 img {\n\t\t\t\tborder: 2px solid #cfcfcf;\n\t\t\t}\n\t\t\t#gallery-1 .gallery-caption {\n\t\t\t\tmargin-left: 0;\n\t\t\t}\n\t\t\t\/* see gallery_shortcode() in wp-includes\/media.php *\/\n\t\t<\/style>\n\t\t<div id='gallery-1' class='gallery galleryid-250 gallery-columns-3 gallery-size-thumbnail'><dl class='gallery-item'>\n\t\t\t<dt class='gallery-icon landscape'>\n\t\t\t\t<a href='https:\/\/halfmarathon.poznan.pl\/en\/wp-content\/uploads\/2015\/12\/4.Pozna\u0144-P\u00f3\u0142maraton-Foto-Krzysztof-Kaczy\u0144ski-1.jpg'><img width=\"150\" height=\"99\" src=\"https:\/\/halfmarathon.poznan.pl\/en\/wp-content\/uploads\/2015\/12\/4.Pozna\u0144-P\u00f3\u0142maraton-Foto-Krzysztof-Kaczy\u0144ski-1-150x99.jpg\" class=\"attachment-thumbnail size-thumbnail\" alt=\"\" decoding=\"async\" loading=\"lazy\" srcset=\"https:\/\/halfmarathon.poznan.pl\/en\/wp-content\/uploads\/2015\/12\/4.Pozna\u0144-P\u00f3\u0142maraton-Foto-Krzysztof-Kaczy\u0144ski-1-150x99.jpg 150w, https:\/\/halfmarathon.poznan.pl\/en\/wp-content\/uploads\/2015\/12\/4.Pozna\u0144-P\u00f3\u0142maraton-Foto-Krzysztof-Kaczy\u0144ski-1-1230x819.jpg 1230w, https:\/\/halfmarathon.poznan.pl\/en\/wp-content\/uploads\/2015\/12\/4.Pozna\u0144-P\u00f3\u0142maraton-Foto-Krzysztof-Kaczy\u0144ski-1.jpg 1772w\" sizes=\"(max-width: 150px) 100vw, 150px\" \/><\/a>\n\t\t\t<\/dt><\/dl><dl class='gallery-item'>\n\t\t\t<dt class='gallery-icon landscape'>\n\t\t\t\t<a href='https:\/\/halfmarathon.poznan.pl\/en\/wp-content\/uploads\/2015\/12\/4.Pozna\u0144-P\u00f3\u0142maraton-Foto-Adam-Ciereszko-1.jpg'><img width=\"150\" height=\"100\" src=\"https:\/\/halfmarathon.poznan.pl\/en\/wp-content\/uploads\/2015\/12\/4.Pozna\u0144-P\u00f3\u0142maraton-Foto-Adam-Ciereszko-1-150x100.jpg\" class=\"attachment-thumbnail size-thumbnail\" alt=\"\" decoding=\"async\" loading=\"lazy\" srcset=\"https:\/\/halfmarathon.poznan.pl\/en\/wp-content\/uploads\/2015\/12\/4.Pozna\u0144-P\u00f3\u0142maraton-Foto-Adam-Ciereszko-1-150x100.jpg 150w, https:\/\/halfmarathon.poznan.pl\/en\/wp-content\/uploads\/2015\/12\/4.Pozna\u0144-P\u00f3\u0142maraton-Foto-Adam-Ciereszko-1-2000x1335.jpg 2000w, https:\/\/halfmarathon.poznan.pl\/en\/wp-content\/uploads\/2015\/12\/4.Pozna\u0144-P\u00f3\u0142maraton-Foto-Adam-Ciereszko-1-1230x821.jpg 1230w\" sizes=\"(max-width: 150px) 100vw, 150px\" \/><\/a>\n\t\t\t<\/dt><\/dl><dl class='gallery-item'>\n\t\t\t<dt class='gallery-icon landscape'>\n\t\t\t\t<a href='https:\/\/halfmarathon.poznan.pl\/en\/wp-content\/uploads\/2015\/12\/4.Pozna\u0144-P\u00f3\u0142maraton-Foto-Adam-Ciereszko-2.jpg'><img width=\"150\" height=\"100\" src=\"https:\/\/halfmarathon.poznan.pl\/en\/wp-content\/uploads\/2015\/12\/4.Pozna\u0144-P\u00f3\u0142maraton-Foto-Adam-Ciereszko-2-150x100.jpg\" class=\"attachment-thumbnail size-thumbnail\" alt=\"\" decoding=\"async\" loading=\"lazy\" srcset=\"https:\/\/halfmarathon.poznan.pl\/en\/wp-content\/uploads\/2015\/12\/4.Pozna\u0144-P\u00f3\u0142maraton-Foto-Adam-Ciereszko-2-150x100.jpg 150w, https:\/\/halfmarathon.poznan.pl\/en\/wp-content\/uploads\/2015\/12\/4.Pozna\u0144-P\u00f3\u0142maraton-Foto-Adam-Ciereszko-2-2000x1336.jpg 2000w, https:\/\/halfmarathon.poznan.pl\/en\/wp-content\/uploads\/2015\/12\/4.Pozna\u0144-P\u00f3\u0142maraton-Foto-Adam-Ciereszko-2-1230x821.jpg 1230w\" sizes=\"(max-width: 150px) 100vw, 150px\" \/><\/a>\n\t\t\t<\/dt><\/dl><br style=\"clear: both\" \/><dl class='gallery-item'>\n\t\t\t<dt class='gallery-icon landscape'>\n\t\t\t\t<a href='https:\/\/halfmarathon.poznan.pl\/en\/wp-content\/uploads\/2015\/12\/4.Pozna\u0144-P\u00f3\u0142maraton-Foto-Adam-Ciereszko-3.jpg'><img width=\"150\" height=\"100\" src=\"https:\/\/halfmarathon.poznan.pl\/en\/wp-content\/uploads\/2015\/12\/4.Pozna\u0144-P\u00f3\u0142maraton-Foto-Adam-Ciereszko-3-150x100.jpg\" class=\"attachment-thumbnail size-thumbnail\" alt=\"\" decoding=\"async\" loading=\"lazy\" srcset=\"https:\/\/halfmarathon.poznan.pl\/en\/wp-content\/uploads\/2015\/12\/4.Pozna\u0144-P\u00f3\u0142maraton-Foto-Adam-Ciereszko-3-150x100.jpg 150w, https:\/\/halfmarathon.poznan.pl\/en\/wp-content\/uploads\/2015\/12\/4.Pozna\u0144-P\u00f3\u0142maraton-Foto-Adam-Ciereszko-3-2000x1337.jpg 2000w, https:\/\/halfmarathon.poznan.pl\/en\/wp-content\/uploads\/2015\/12\/4.Pozna\u0144-P\u00f3\u0142maraton-Foto-Adam-Ciereszko-3-1230x822.jpg 1230w\" sizes=\"(max-width: 150px) 100vw, 150px\" \/><\/a>\n\t\t\t<\/dt><\/dl><dl class='gallery-item'>\n\t\t\t<dt class='gallery-icon landscape'>\n\t\t\t\t<a href='https:\/\/halfmarathon.poznan.pl\/en\/wp-content\/uploads\/2015\/12\/4.Pozna\u0144-P\u00f3\u0142maraton-Foto-Adam-Ciereszko-5.jpg'><img width=\"150\" height=\"100\" src=\"https:\/\/halfmarathon.poznan.pl\/en\/wp-content\/uploads\/2015\/12\/4.Pozna\u0144-P\u00f3\u0142maraton-Foto-Adam-Ciereszko-5-150x100.jpg\" class=\"attachment-thumbnail size-thumbnail\" alt=\"\" decoding=\"async\" loading=\"lazy\" srcset=\"https:\/\/halfmarathon.poznan.pl\/en\/wp-content\/uploads\/2015\/12\/4.Pozna\u0144-P\u00f3\u0142maraton-Foto-Adam-Ciereszko-5-150x100.jpg 150w, https:\/\/halfmarathon.poznan.pl\/en\/wp-content\/uploads\/2015\/12\/4.Pozna\u0144-P\u00f3\u0142maraton-Foto-Adam-Ciereszko-5-2000x1334.jpg 2000w, https:\/\/halfmarathon.poznan.pl\/en\/wp-content\/uploads\/2015\/12\/4.Pozna\u0144-P\u00f3\u0142maraton-Foto-Adam-Ciereszko-5-1230x820.jpg 1230w\" sizes=\"(max-width: 150px) 100vw, 150px\" \/><\/a>\n\t\t\t<\/dt><\/dl><dl class='gallery-item'>\n\t\t\t<dt class='gallery-icon landscape'>\n\t\t\t\t<a href='https:\/\/halfmarathon.poznan.pl\/en\/wp-content\/uploads\/2015\/12\/4.Pozna\u0144-P\u00f3\u0142maraton-Foto-Krzysztof-Kaczy\u0144ski-2.jpg'><img width=\"150\" height=\"99\" src=\"https:\/\/halfmarathon.poznan.pl\/en\/wp-content\/uploads\/2015\/12\/4.Pozna\u0144-P\u00f3\u0142maraton-Foto-Krzysztof-Kaczy\u0144ski-2-150x99.jpg\" class=\"attachment-thumbnail size-thumbnail\" alt=\"\" decoding=\"async\" loading=\"lazy\" srcset=\"https:\/\/halfmarathon.poznan.pl\/en\/wp-content\/uploads\/2015\/12\/4.Pozna\u0144-P\u00f3\u0142maraton-Foto-Krzysztof-Kaczy\u0144ski-2-150x99.jpg 150w, https:\/\/halfmarathon.poznan.pl\/en\/wp-content\/uploads\/2015\/12\/4.Pozna\u0144-P\u00f3\u0142maraton-Foto-Krzysztof-Kaczy\u0144ski-2-1230x819.jpg 1230w, https:\/\/halfmarathon.poznan.pl\/en\/wp-content\/uploads\/2015\/12\/4.Pozna\u0144-P\u00f3\u0142maraton-Foto-Krzysztof-Kaczy\u0144ski-2.jpg 1772w\" sizes=\"(max-width: 150px) 100vw, 150px\" \/><\/a>\n\t\t\t<\/dt><\/dl><br style=\"clear: both\" \/><dl class='gallery-item'>\n\t\t\t<dt class='gallery-icon landscape'>\n\t\t\t\t<a href='https:\/\/halfmarathon.poznan.pl\/en\/wp-content\/uploads\/2015\/12\/4.Pozna\u0144-P\u00f3\u0142maraton-Foto-Krzysztof-Kaczy\u0144ski-3.jpg'><img width=\"150\" height=\"99\" src=\"https:\/\/halfmarathon.poznan.pl\/en\/wp-content\/uploads\/2015\/12\/4.Pozna\u0144-P\u00f3\u0142maraton-Foto-Krzysztof-Kaczy\u0144ski-3-150x99.jpg\" class=\"attachment-thumbnail size-thumbnail\" alt=\"\" decoding=\"async\" loading=\"lazy\" srcset=\"https:\/\/halfmarathon.poznan.pl\/en\/wp-content\/uploads\/2015\/12\/4.Pozna\u0144-P\u00f3\u0142maraton-Foto-Krzysztof-Kaczy\u0144ski-3-150x99.jpg 150w, https:\/\/halfmarathon.poznan.pl\/en\/wp-content\/uploads\/2015\/12\/4.Pozna\u0144-P\u00f3\u0142maraton-Foto-Krzysztof-Kaczy\u0144ski-3-1230x819.jpg 1230w, https:\/\/halfmarathon.poznan.pl\/en\/wp-content\/uploads\/2015\/12\/4.Pozna\u0144-P\u00f3\u0142maraton-Foto-Krzysztof-Kaczy\u0144ski-3.jpg 1772w\" sizes=\"(max-width: 150px) 100vw, 150px\" \/><\/a>\n\t\t\t<\/dt><\/dl><dl class='gallery-item'>\n\t\t\t<dt class='gallery-icon portrait'>\n\t\t\t\t<a href='https:\/\/halfmarathon.poznan.pl\/en\/wp-content\/uploads\/2015\/12\/4.Pozna\u0144-P\u00f3\u0142maraton-Foto-Piotr-Rychter.jpg'><img width=\"100\" height=\"150\" src=\"https:\/\/halfmarathon.poznan.pl\/en\/wp-content\/uploads\/2015\/12\/4.Pozna\u0144-P\u00f3\u0142maraton-Foto-Piotr-Rychter-100x150.jpg\" class=\"attachment-thumbnail size-thumbnail\" alt=\"\" decoding=\"async\" loading=\"lazy\" srcset=\"https:\/\/halfmarathon.poznan.pl\/en\/wp-content\/uploads\/2015\/12\/4.Pozna\u0144-P\u00f3\u0142maraton-Foto-Piotr-Rychter-100x150.jpg 100w, https:\/\/halfmarathon.poznan.pl\/en\/wp-content\/uploads\/2015\/12\/4.Pozna\u0144-P\u00f3\u0142maraton-Foto-Piotr-Rychter-1333x2000.jpg 1333w, https:\/\/halfmarathon.poznan.pl\/en\/wp-content\/uploads\/2015\/12\/4.Pozna\u0144-P\u00f3\u0142maraton-Foto-Piotr-Rychter-1230x1845.jpg 1230w\" sizes=\"(max-width: 100px) 100vw, 100px\" \/><\/a>\n\t\t\t<\/dt><\/dl><dl class='gallery-item'>\n\t\t\t<dt class='gallery-icon landscape'>\n\t\t\t\t<a href='https:\/\/halfmarathon.poznan.pl\/en\/wp-content\/uploads\/2015\/12\/4.Pozna\u0144-P\u00f3\u0142maraton-Foto-Organizator.jpg'><img width=\"150\" height=\"100\" src=\"https:\/\/halfmarathon.poznan.pl\/en\/wp-content\/uploads\/2015\/12\/4.Pozna\u0144-P\u00f3\u0142maraton-Foto-Organizator-150x100.jpg\" class=\"attachment-thumbnail size-thumbnail\" alt=\"\" decoding=\"async\" loading=\"lazy\" srcset=\"https:\/\/halfmarathon.poznan.pl\/en\/wp-content\/uploads\/2015\/12\/4.Pozna\u0144-P\u00f3\u0142maraton-Foto-Organizator-150x100.jpg 150w, https:\/\/halfmarathon.poznan.pl\/en\/wp-content\/uploads\/2015\/12\/4.Pozna\u0144-P\u00f3\u0142maraton-Foto-Organizator-2000x1333.jpg 2000w, https:\/\/halfmarathon.poznan.pl\/en\/wp-content\/uploads\/2015\/12\/4.Pozna\u0144-P\u00f3\u0142maraton-Foto-Organizator-1230x820.jpg 1230w\" sizes=\"(max-width: 150px) 100vw, 150px\" \/><\/a>\n\t\t\t<\/dt><\/dl><br style=\"clear: both\" \/>\n\t\t<\/div>\n<\/td>\n<\/tr>\n<\/tbody>\n<\/table>\n<h3>Results<\/h3>\n<ul>\n<li><a href=\"http:\/\/halfmarathon.poznan.pl\/images\/wyniki\/4hm_wyniki_biegacze.pdf\" target=\"_blank\">runners<\/a><\/li>\n<li><a href=\"http:\/\/halfmarathon.poznan.pl\/images\/wyniki\/4hm_wyniki_rolkarze.pdf\" target=\"_blank\">inlineskaters<\/a><\/li>\n<li><a href=\"http:\/\/halfmarathon.poznan.pl\/images\/wyniki\/4hm_wyniki_wozkarze.pdf\" target=\"_blank\">wheelchairs<\/a><\/li>\n<\/ul>\n","protected":false},"excerpt":{"rendered":"<p>4.Pozna\u0144 Half Marathon Medal Gallery: Results runners inlineskaters wheelchairs<\/p>\n","protected":false},"author":1,"featured_media":0,"parent":1372,"menu_order":33,"comment_status":"closed","ping_status":"closed","template":"page-templates\/historia.php","meta":[],"_links":{"self":[{"href":"https:\/\/halfmarathon.poznan.pl\/en\/wp-json\/wp\/v2\/pages\/250"}],"collection":[{"href":"https:\/\/halfmarathon.poznan.pl\/en\/wp-json\/wp\/v2\/pages"}],"about":[{"href":"https:\/\/halfmarathon.poznan.pl\/en\/wp-json\/wp\/v2\/types\/page"}],"author":[{"embeddable":true,"href":"https:\/\/halfmarathon.poznan.pl\/en\/wp-json\/wp\/v2\/users\/1"}],"replies":[{"embeddable":true,"href":"https:\/\/halfmarathon.poznan.pl\/en\/wp-json\/wp\/v2\/comments?post=250"}],"version-history":[{"count":8,"href":"https:\/\/halfmarathon.poznan.pl\/en\/wp-json\/wp\/v2\/pages\/250\/revisions"}],"predecessor-version":[{"id":1705,"href":"https:\/\/halfmarathon.poznan.pl\/en\/wp-json\/wp\/v2\/pages\/250\/revisions\/1705"}],"up":[{"embeddable":true,"href":"https:\/\/halfmarathon.poznan.pl\/en\/wp-json\/wp\/v2\/pages\/1372"}],"wp:attachment":[{"href":"https:\/\/halfmarathon.poznan.pl\/en\/wp-json\/wp\/v2\/media?parent=250"}],"curies":[{"name":"wp","href":"https:\/\/api.w.org\/{rel}","templated":true}]}}