{"id":173,"date":"2014-04-13T02:31:16","date_gmt":"2014-04-13T00:31:16","guid":{"rendered":"http:\/\/test.marathon.poznan.pl\/?page_id=173"},"modified":"2016-12-02T11:03:08","modified_gmt":"2016-12-02T10:03:08","slug":"2012-2","status":"publish","type":"page","link":"https:\/\/halfmarathon.poznan.pl\/en\/history-2\/2012-2\/","title":{"rendered":"2012"},"content":{"rendered":"<h3>5.Pozna\u0144 Half Marathon Medal<\/h3>\n<table class=\"light\">\n<tbody>\n<tr>\n<td style=\"width: 100%; text-align: center;\"><a title=\"5.Pozna\u0144 Half Marathon Medal\" href=\"\/wp-content\/uploads\/2015\/11\/Medal-5.-Pozna\u0144-P\u00f3\u0142maraton-2012.jpg\"><img decoding=\"async\" style=\"width: 220px;\" title=\"5.Pozna\u0144 Half Marathon Medal\" alt=\"5.Pozna\u0144 Half Marathon Medal\" src=\"\/wp-content\/uploads\/2015\/11\/Medal-5.-Pozna\u0144-P\u00f3\u0142maraton-2012.jpg\" width=\"220\" \/><\/a><\/td>\n<\/tr>\n<\/tbody>\n<\/table>\n<h3>Gallery:<\/h3>\n<table class=\"light\">\n<tbody>\n<tr>\n<td style=\"width: 100%; text-align: center;\">\n\t\t<style type=\"text\/css\">\n\t\t\t#gallery-1 {\n\t\t\t\tmargin: auto;\n\t\t\t}\n\t\t\t#gallery-1 .gallery-item {\n\t\t\t\tfloat: left;\n\t\t\t\tmargin-top: 10px;\n\t\t\t\ttext-align: center;\n\t\t\t\twidth: 33%;\n\t\t\t}\n\t\t\t#gallery-1 img {\n\t\t\t\tborder: 2px solid #cfcfcf;\n\t\t\t}\n\t\t\t#gallery-1 .gallery-caption {\n\t\t\t\tmargin-left: 0;\n\t\t\t}\n\t\t\t\/* see gallery_shortcode() in wp-includes\/media.php *\/\n\t\t<\/style>\n\t\t<div id='gallery-1' class='gallery galleryid-173 gallery-columns-3 gallery-size-thumbnail'><dl class='gallery-item'>\n\t\t\t<dt class='gallery-icon landscape'>\n\t\t\t\t<a href='https:\/\/halfmarathon.poznan.pl\/en\/wp-content\/uploads\/2015\/12\/5.-Pozna\u0144-P\u00f3\u0142maraton-2012-Foto-Marek-Zakrzewski-6.jpg'><img width=\"150\" height=\"100\" src=\"https:\/\/halfmarathon.poznan.pl\/en\/wp-content\/uploads\/2015\/12\/5.-Pozna\u0144-P\u00f3\u0142maraton-2012-Foto-Marek-Zakrzewski-6-150x100.jpg\" class=\"attachment-thumbnail size-thumbnail\" alt=\"\" decoding=\"async\" loading=\"lazy\" srcset=\"https:\/\/halfmarathon.poznan.pl\/en\/wp-content\/uploads\/2015\/12\/5.-Pozna\u0144-P\u00f3\u0142maraton-2012-Foto-Marek-Zakrzewski-6-150x100.jpg 150w, https:\/\/halfmarathon.poznan.pl\/en\/wp-content\/uploads\/2015\/12\/5.-Pozna\u0144-P\u00f3\u0142maraton-2012-Foto-Marek-Zakrzewski-6-2000x1333.jpg 2000w, https:\/\/halfmarathon.poznan.pl\/en\/wp-content\/uploads\/2015\/12\/5.-Pozna\u0144-P\u00f3\u0142maraton-2012-Foto-Marek-Zakrzewski-6-1230x820.jpg 1230w\" sizes=\"(max-width: 150px) 100vw, 150px\" \/><\/a>\n\t\t\t<\/dt><\/dl><dl class='gallery-item'>\n\t\t\t<dt class='gallery-icon landscape'>\n\t\t\t\t<a href='https:\/\/halfmarathon.poznan.pl\/en\/wp-content\/uploads\/2015\/12\/5.-Pozna\u0144-P\u00f3\u0142maraton-2012-Foto-Marek-Zakrzewski-1.jpg'><img width=\"150\" height=\"75\" src=\"https:\/\/halfmarathon.poznan.pl\/en\/wp-content\/uploads\/2015\/12\/5.-Pozna\u0144-P\u00f3\u0142maraton-2012-Foto-Marek-Zakrzewski-1-150x75.jpg\" class=\"attachment-thumbnail size-thumbnail\" alt=\"\" decoding=\"async\" loading=\"lazy\" srcset=\"https:\/\/halfmarathon.poznan.pl\/en\/wp-content\/uploads\/2015\/12\/5.-Pozna\u0144-P\u00f3\u0142maraton-2012-Foto-Marek-Zakrzewski-1-150x75.jpg 150w, https:\/\/halfmarathon.poznan.pl\/en\/wp-content\/uploads\/2015\/12\/5.-Pozna\u0144-P\u00f3\u0142maraton-2012-Foto-Marek-Zakrzewski-1-2000x1000.jpg 2000w, https:\/\/halfmarathon.poznan.pl\/en\/wp-content\/uploads\/2015\/12\/5.-Pozna\u0144-P\u00f3\u0142maraton-2012-Foto-Marek-Zakrzewski-1-1230x615.jpg 1230w\" sizes=\"(max-width: 150px) 100vw, 150px\" \/><\/a>\n\t\t\t<\/dt><\/dl><dl class='gallery-item'>\n\t\t\t<dt class='gallery-icon landscape'>\n\t\t\t\t<a href='https:\/\/halfmarathon.poznan.pl\/en\/wp-content\/uploads\/2015\/12\/5.-Pozna\u0144-P\u00f3\u0142maraton-2012-Foto-Marek-Zakrzewski-3.jpg'><img width=\"150\" height=\"100\" src=\"https:\/\/halfmarathon.poznan.pl\/en\/wp-content\/uploads\/2015\/12\/5.-Pozna\u0144-P\u00f3\u0142maraton-2012-Foto-Marek-Zakrzewski-3-150x100.jpg\" class=\"attachment-thumbnail size-thumbnail\" alt=\"\" decoding=\"async\" loading=\"lazy\" srcset=\"https:\/\/halfmarathon.poznan.pl\/en\/wp-content\/uploads\/2015\/12\/5.-Pozna\u0144-P\u00f3\u0142maraton-2012-Foto-Marek-Zakrzewski-3-150x100.jpg 150w, https:\/\/halfmarathon.poznan.pl\/en\/wp-content\/uploads\/2015\/12\/5.-Pozna\u0144-P\u00f3\u0142maraton-2012-Foto-Marek-Zakrzewski-3-2000x1333.jpg 2000w, https:\/\/halfmarathon.poznan.pl\/en\/wp-content\/uploads\/2015\/12\/5.-Pozna\u0144-P\u00f3\u0142maraton-2012-Foto-Marek-Zakrzewski-3-1230x820.jpg 1230w\" sizes=\"(max-width: 150px) 100vw, 150px\" \/><\/a>\n\t\t\t<\/dt><\/dl><br style=\"clear: both\" \/><dl class='gallery-item'>\n\t\t\t<dt class='gallery-icon landscape'>\n\t\t\t\t<a href='https:\/\/halfmarathon.poznan.pl\/en\/wp-content\/uploads\/2015\/12\/5.-Pozna\u0144-P\u00f3\u0142maraton-2012-Foto-Marek-Zakrzewski-4.jpg'><img width=\"150\" height=\"75\" src=\"https:\/\/halfmarathon.poznan.pl\/en\/wp-content\/uploads\/2015\/12\/5.-Pozna\u0144-P\u00f3\u0142maraton-2012-Foto-Marek-Zakrzewski-4-150x75.jpg\" class=\"attachment-thumbnail size-thumbnail\" alt=\"\" decoding=\"async\" loading=\"lazy\" srcset=\"https:\/\/halfmarathon.poznan.pl\/en\/wp-content\/uploads\/2015\/12\/5.-Pozna\u0144-P\u00f3\u0142maraton-2012-Foto-Marek-Zakrzewski-4-150x75.jpg 150w, https:\/\/halfmarathon.poznan.pl\/en\/wp-content\/uploads\/2015\/12\/5.-Pozna\u0144-P\u00f3\u0142maraton-2012-Foto-Marek-Zakrzewski-4-2000x1000.jpg 2000w, https:\/\/halfmarathon.poznan.pl\/en\/wp-content\/uploads\/2015\/12\/5.-Pozna\u0144-P\u00f3\u0142maraton-2012-Foto-Marek-Zakrzewski-4-1230x615.jpg 1230w\" sizes=\"(max-width: 150px) 100vw, 150px\" \/><\/a>\n\t\t\t<\/dt><\/dl><dl class='gallery-item'>\n\t\t\t<dt class='gallery-icon landscape'>\n\t\t\t\t<a href='https:\/\/halfmarathon.poznan.pl\/en\/wp-content\/uploads\/2015\/12\/5.-Pozna\u0144-P\u00f3\u0142maraton-2012-Foto-Marek-Zakrzewski-5.jpg'><img width=\"150\" height=\"100\" src=\"https:\/\/halfmarathon.poznan.pl\/en\/wp-content\/uploads\/2015\/12\/5.-Pozna\u0144-P\u00f3\u0142maraton-2012-Foto-Marek-Zakrzewski-5-150x100.jpg\" class=\"attachment-thumbnail size-thumbnail\" alt=\"\" decoding=\"async\" loading=\"lazy\" srcset=\"https:\/\/halfmarathon.poznan.pl\/en\/wp-content\/uploads\/2015\/12\/5.-Pozna\u0144-P\u00f3\u0142maraton-2012-Foto-Marek-Zakrzewski-5-150x100.jpg 150w, https:\/\/halfmarathon.poznan.pl\/en\/wp-content\/uploads\/2015\/12\/5.-Pozna\u0144-P\u00f3\u0142maraton-2012-Foto-Marek-Zakrzewski-5-2000x1333.jpg 2000w, https:\/\/halfmarathon.poznan.pl\/en\/wp-content\/uploads\/2015\/12\/5.-Pozna\u0144-P\u00f3\u0142maraton-2012-Foto-Marek-Zakrzewski-5-1230x820.jpg 1230w\" sizes=\"(max-width: 150px) 100vw, 150px\" \/><\/a>\n\t\t\t<\/dt><\/dl><dl class='gallery-item'>\n\t\t\t<dt class='gallery-icon landscape'>\n\t\t\t\t<a href='https:\/\/halfmarathon.poznan.pl\/en\/wp-content\/uploads\/2015\/12\/5.-Pozna\u0144-P\u00f3\u0142maraton-2012-Foto-Marek-Zakrzewski-7.jpg'><img width=\"150\" height=\"100\" src=\"https:\/\/halfmarathon.poznan.pl\/en\/wp-content\/uploads\/2015\/12\/5.-Pozna\u0144-P\u00f3\u0142maraton-2012-Foto-Marek-Zakrzewski-7-150x100.jpg\" class=\"attachment-thumbnail size-thumbnail\" alt=\"\" decoding=\"async\" loading=\"lazy\" srcset=\"https:\/\/halfmarathon.poznan.pl\/en\/wp-content\/uploads\/2015\/12\/5.-Pozna\u0144-P\u00f3\u0142maraton-2012-Foto-Marek-Zakrzewski-7-150x100.jpg 150w, https:\/\/halfmarathon.poznan.pl\/en\/wp-content\/uploads\/2015\/12\/5.-Pozna\u0144-P\u00f3\u0142maraton-2012-Foto-Marek-Zakrzewski-7-2000x1333.jpg 2000w, https:\/\/halfmarathon.poznan.pl\/en\/wp-content\/uploads\/2015\/12\/5.-Pozna\u0144-P\u00f3\u0142maraton-2012-Foto-Marek-Zakrzewski-7-1230x820.jpg 1230w\" sizes=\"(max-width: 150px) 100vw, 150px\" \/><\/a>\n\t\t\t<\/dt><\/dl><br style=\"clear: both\" \/><dl class='gallery-item'>\n\t\t\t<dt class='gallery-icon landscape'>\n\t\t\t\t<a href='https:\/\/halfmarathon.poznan.pl\/en\/wp-content\/uploads\/2015\/12\/5.-Pozna\u0144-P\u00f3\u0142maraton-2012-Foto-Dorota-\u015awiderska.jpg'><img width=\"150\" height=\"100\" src=\"https:\/\/halfmarathon.poznan.pl\/en\/wp-content\/uploads\/2015\/12\/5.-Pozna\u0144-P\u00f3\u0142maraton-2012-Foto-Dorota-\u015awiderska-150x100.jpg\" class=\"attachment-thumbnail size-thumbnail\" alt=\"\" decoding=\"async\" loading=\"lazy\" srcset=\"https:\/\/halfmarathon.poznan.pl\/en\/wp-content\/uploads\/2015\/12\/5.-Pozna\u0144-P\u00f3\u0142maraton-2012-Foto-Dorota-\u015awiderska-150x100.jpg 150w, https:\/\/halfmarathon.poznan.pl\/en\/wp-content\/uploads\/2015\/12\/5.-Pozna\u0144-P\u00f3\u0142maraton-2012-Foto-Dorota-\u015awiderska-2000x1333.jpg 2000w, https:\/\/halfmarathon.poznan.pl\/en\/wp-content\/uploads\/2015\/12\/5.-Pozna\u0144-P\u00f3\u0142maraton-2012-Foto-Dorota-\u015awiderska-1230x820.jpg 1230w\" sizes=\"(max-width: 150px) 100vw, 150px\" \/><\/a>\n\t\t\t<\/dt><\/dl><dl class='gallery-item'>\n\t\t\t<dt class='gallery-icon landscape'>\n\t\t\t\t<a href='https:\/\/halfmarathon.poznan.pl\/en\/wp-content\/uploads\/2015\/12\/5.-Pozna\u0144-P\u00f3\u0142maraton-Foto-Jakub-Kaczmarczyk-1.jpg'><img width=\"150\" height=\"99\" src=\"https:\/\/halfmarathon.poznan.pl\/en\/wp-content\/uploads\/2015\/12\/5.-Pozna\u0144-P\u00f3\u0142maraton-Foto-Jakub-Kaczmarczyk-1-150x99.jpg\" class=\"attachment-thumbnail size-thumbnail\" alt=\"\" decoding=\"async\" loading=\"lazy\" srcset=\"https:\/\/halfmarathon.poznan.pl\/en\/wp-content\/uploads\/2015\/12\/5.-Pozna\u0144-P\u00f3\u0142maraton-Foto-Jakub-Kaczmarczyk-1-150x99.jpg 150w, https:\/\/halfmarathon.poznan.pl\/en\/wp-content\/uploads\/2015\/12\/5.-Pozna\u0144-P\u00f3\u0142maraton-Foto-Jakub-Kaczmarczyk-1-2000x1330.jpg 2000w, https:\/\/halfmarathon.poznan.pl\/en\/wp-content\/uploads\/2015\/12\/5.-Pozna\u0144-P\u00f3\u0142maraton-Foto-Jakub-Kaczmarczyk-1-1230x818.jpg 1230w\" sizes=\"(max-width: 150px) 100vw, 150px\" \/><\/a>\n\t\t\t<\/dt><\/dl><dl class='gallery-item'>\n\t\t\t<dt class='gallery-icon landscape'>\n\t\t\t\t<a href='https:\/\/halfmarathon.poznan.pl\/en\/wp-content\/uploads\/2015\/12\/5.-Pozna\u0144-P\u00f3\u0142maraton-Foto-Jakub-Kaczmarczyk-3.jpg'><img width=\"150\" height=\"99\" src=\"https:\/\/halfmarathon.poznan.pl\/en\/wp-content\/uploads\/2015\/12\/5.-Pozna\u0144-P\u00f3\u0142maraton-Foto-Jakub-Kaczmarczyk-3-150x99.jpg\" class=\"attachment-thumbnail size-thumbnail\" alt=\"\" decoding=\"async\" loading=\"lazy\" srcset=\"https:\/\/halfmarathon.poznan.pl\/en\/wp-content\/uploads\/2015\/12\/5.-Pozna\u0144-P\u00f3\u0142maraton-Foto-Jakub-Kaczmarczyk-3-150x99.jpg 150w, https:\/\/halfmarathon.poznan.pl\/en\/wp-content\/uploads\/2015\/12\/5.-Pozna\u0144-P\u00f3\u0142maraton-Foto-Jakub-Kaczmarczyk-3-2000x1330.jpg 2000w, https:\/\/halfmarathon.poznan.pl\/en\/wp-content\/uploads\/2015\/12\/5.-Pozna\u0144-P\u00f3\u0142maraton-Foto-Jakub-Kaczmarczyk-3-1230x818.jpg 1230w\" sizes=\"(max-width: 150px) 100vw, 150px\" \/><\/a>\n\t\t\t<\/dt><\/dl><br style=\"clear: both\" \/>\n\t\t<\/div>\n<\/td>\n<\/tr>\n<\/tbody>\n<\/table>\n<h3>Multimedia:<\/h3>\n<div><center><iframe loading=\"lazy\" src=\"https:\/\/player.vimeo.com\/video\/38092869\" width=\"640\" height=\"360\" frameborder=\"0\" webkitallowfullscreen mozallowfullscreen allowfullscreen><\/iframe><\/center><\/div>\n<h3>Results<\/h3>\n<ul>\n<li><a href=\"http:\/\/halfmarathon.poznan.pl\/images\/wyniki\/5hm_wyniki_biegacze.pdf\" target=\"_blank\">runners<\/a><\/li>\n<li><a href=\"http:\/\/halfmarathon.poznan.pl\/images\/wyniki\/5hm_wyniki_rolkarze.pdf\" target=\"_blank\">inlineskaters<\/a><\/li>\n<li><a href=\"http:\/\/halfmarathon.poznan.pl\/images\/wyniki\/5hm_wyniki_wozkarze.pdf\" target=\"_blank\">wheelchairs<\/a><\/li>\n<\/ul>\n","protected":false},"excerpt":{"rendered":"<p>5.Pozna\u0144 Half Marathon Medal Gallery: Multimedia: Results runners inlineskaters wheelchairs<\/p>\n","protected":false},"author":1,"featured_media":0,"parent":1372,"menu_order":32,"comment_status":"closed","ping_status":"closed","template":"page-templates\/historia.php","meta":[],"_links":{"self":[{"href":"https:\/\/halfmarathon.poznan.pl\/en\/wp-json\/wp\/v2\/pages\/173"}],"collection":[{"href":"https:\/\/halfmarathon.poznan.pl\/en\/wp-json\/wp\/v2\/pages"}],"about":[{"href":"https:\/\/halfmarathon.poznan.pl\/en\/wp-json\/wp\/v2\/types\/page"}],"author":[{"embeddable":true,"href":"https:\/\/halfmarathon.poznan.pl\/en\/wp-json\/wp\/v2\/users\/1"}],"replies":[{"embeddable":true,"href":"https:\/\/halfmarathon.poznan.pl\/en\/wp-json\/wp\/v2\/comments?post=173"}],"version-history":[{"count":9,"href":"https:\/\/halfmarathon.poznan.pl\/en\/wp-json\/wp\/v2\/pages\/173\/revisions"}],"predecessor-version":[{"id":1704,"href":"https:\/\/halfmarathon.poznan.pl\/en\/wp-json\/wp\/v2\/pages\/173\/revisions\/1704"}],"up":[{"embeddable":true,"href":"https:\/\/halfmarathon.poznan.pl\/en\/wp-json\/wp\/v2\/pages\/1372"}],"wp:attachment":[{"href":"https:\/\/halfmarathon.poznan.pl\/en\/wp-json\/wp\/v2\/media?parent=173"}],"curies":[{"name":"wp","href":"https:\/\/api.w.org\/{rel}","templated":true}]}}